{"id":23501,"date":"2023-04-12T09:18:00","date_gmt":"2023-04-12T09:18:00","guid":{"rendered":"https:\/\/www.integra-sitek.ch\/datenschutz\/"},"modified":"2024-06-12T10:43:56","modified_gmt":"2024-06-12T10:43:56","slug":"datenschutz","status":"publish","type":"page","link":"https:\/\/www.integra-sitek.ch\/fr\/datenschutz\/","title":{"rendered":"Protection des donn\u00e9es"},"content":{"rendered":"\t\t<div data-elementor-type=\"wp-page\" data-elementor-id=\"23501\" class=\"elementor elementor-23501 elementor-16534\" data-elementor-post-type=\"page\">\n\t\t\t\t\t\t<section class=\"elementor-section elementor-top-section elementor-element elementor-element-2bc9f877 elementor-section-full_width elementor-section-height-min-height elementor-section-stretched elementor-section-height-default elementor-section-items-middle\" data-id=\"2bc9f877\" data-element_type=\"section\" data-e-type=\"section\" data-settings=\"{&quot;stretch_section&quot;:&quot;section-stretched&quot;}\">\n\t\t\t\t\t\t<div class=\"elementor-container elementor-column-gap-default\">\n\t\t\t\t\t<div class=\"elementor-column elementor-col-100 elementor-top-column elementor-element elementor-element-4364958b\" data-id=\"4364958b\" data-element_type=\"column\" data-e-type=\"column\" data-settings=\"{&quot;background_background&quot;:&quot;classic&quot;}\">\n\t\t\t<div class=\"elementor-widget-wrap elementor-element-populated\">\n\t\t\t\t\t\t<div class=\"elementor-element elementor-element-7992b4c2 elementor-widget elementor-widget-text-editor\" data-id=\"7992b4c2\" data-element_type=\"widget\" data-e-type=\"widget\" data-widget_type=\"text-editor.default\">\n\t\t\t\t<div class=\"elementor-widget-container\">\n\t\t\t\t\t\t\t\t\t<p>S\u00e9curit\u00e9 et protection des donn\u00e9es<\/p>\n\t\t\t\t\t\t\t\t<\/div>\n\t\t\t\t<\/div>\n\t\t\t\t<div class=\"elementor-element elementor-element-185a5178 elementor-widget elementor-widget-text-editor\" data-id=\"185a5178\" data-element_type=\"widget\" data-e-type=\"widget\" data-widget_type=\"text-editor.default\">\n\t\t\t\t<div class=\"elementor-widget-container\">\n\t\t\t\t\t\t\t\t\t<h2>Protection des donn\u00e9es<\/h2>\n\t\t\t\t\t\t\t\t<\/div>\n\t\t\t\t<\/div>\n\t\t\t\t\t<\/div>\n\t\t<\/div>\n\t\t\t\t\t<\/div>\n\t\t<\/section>\n\t\t\t\t<section class=\"elementor-section elementor-top-section elementor-element elementor-element-7ddbfcfc elementor-section-stretched elementor-section-boxed elementor-section-height-default elementor-section-height-default\" data-id=\"7ddbfcfc\" data-element_type=\"section\" data-e-type=\"section\" data-settings=\"{&quot;stretch_section&quot;:&quot;section-stretched&quot;,&quot;background_background&quot;:&quot;classic&quot;}\">\n\t\t\t\t\t\t<div class=\"elementor-container elementor-column-gap-default\">\n\t\t\t\t\t<div class=\"elementor-column elementor-col-50 elementor-top-column elementor-element elementor-element-7cc08d2d\" data-id=\"7cc08d2d\" data-element_type=\"column\" data-e-type=\"column\">\n\t\t\t<div class=\"elementor-widget-wrap elementor-element-populated\">\n\t\t\t\t\t\t<div class=\"elementor-element elementor-element-3b7ad2e elementor-widget elementor-widget-industrium_heading\" data-id=\"3b7ad2e\" data-element_type=\"widget\" data-e-type=\"widget\" data-widget_type=\"industrium_heading.default\">\n\t\t\t\t<div class=\"elementor-widget-container\">\n\t\t\t\t\t<div class=\"industrium-heading-widget\"><h2 class=\"industrium-heading\"><span class=\"industrium-heading-content\">protection des donn\u00e9es<\/span><\/h2><\/div>\t\t\t\t<\/div>\n\t\t\t\t<\/div>\n\t\t\t\t\t<\/div>\n\t\t<\/div>\n\t\t\t\t<div class=\"elementor-column elementor-col-50 elementor-top-column elementor-element elementor-element-39faeff5\" data-id=\"39faeff5\" data-element_type=\"column\" data-e-type=\"column\">\n\t\t\t<div class=\"elementor-widget-wrap elementor-element-populated\">\n\t\t\t\t\t\t<div class=\"elementor-element elementor-element-608a837d elementor-widget elementor-widget-text-editor\" data-id=\"608a837d\" data-element_type=\"widget\" data-e-type=\"widget\" data-widget_type=\"text-editor.default\">\n\t\t\t\t<div class=\"elementor-widget-container\">\n\t\t\t\t\t\t\t\t\t<p>Dans cette d\u00e9claration de protection des donn\u00e9es, nous, INTEGRA Sitek AG, en tant que soci\u00e9t\u00e9 du groupe INTEGRA Holding AG (ci-apr\u00e8s ISAG), expliquons comment nous collectons et traitons les donn\u00e9es personnelles. Il ne s&rsquo;agit pas d&rsquo;une description exhaustive; d&rsquo;autres d\u00e9clarations de protection des donn\u00e9es ou conditions g\u00e9n\u00e9rales, conditions de participation et documents similaires r\u00e9gissent des situations sp\u00e9cifiques.<\/p><p>Cette d\u00e9claration de protection des donn\u00e9es est con\u00e7ue pour r\u00e9pondre aux exigences du r\u00e8glement g\u00e9n\u00e9ral de l&rsquo;UE sur la protection des donn\u00e9es <b style=\"color: var( --e-global-color-text ); letter-spacing: 0.03em; background-color: var( --e-global-color-e338bc4 );\">(\u00abRGPD\u00bb)<\/b> et de la loi suisse sur la protection des donn\u00e9es <span style=\"color: var( --e-global-color-text ); letter-spacing: 0.03em; background-color: var( --e-global-color-e338bc4 );\"><b>(\u00abLPD\u00bb)<\/b><\/span>. Toutefois, l&rsquo;applicabilit\u00e9 de ces lois et la <span style=\"color: var( --e-global-color-text ); letter-spacing: 0.03em; background-color: var( --e-global-color-e338bc4 );\">mesure <\/span> dans <span style=\"color: var( --e-global-color-text ); letter-spacing: 0.03em; background-color: var( --e-global-color-e338bc4 );\">laquelle <\/span> elles s&rsquo;appliquent d\u00e9pendent du cas d&rsquo;esp\u00e8ce.<span style=\"color: var( --e-global-color-text ); letter-spacing: 0.03em; background-color: var( --e-global-color-e338bc4 );\">\u00bb) ausgelegt. Ob und inwieweit diese Gesetze anwendbar sind, h\u00e4ngt jedoch vom Einzelfall ab. <\/span><\/p><p><b>Responsable \/ d\u00e9l\u00e9gu\u00e9 \u00e0 la protection des donn\u00e9es \/ repr\u00e9sentant<br \/><\/b>INTEGRA Sitek AG est responsable du traitement des donn\u00e9es que nous d\u00e9crivons ici, sauf indication contraire dans des cas particuliers. Si vous avez des questions concernant la protection des donn\u00e9es, vous pouvez nous les communiquer \u00e0 l&rsquo;adresse suivante:<\/p><p><b>INTEGRA Sitek AG<\/b><br \/><span style=\"color: var( --e-global-color-text ); background-color: var( --e-global-color-e338bc4 ); letter-spacing: 0.03em;\">Neckarsulmstrasse 24<br \/><\/span><span style=\"background-color: var( --e-global-color-e338bc4 ); color: var( --e-global-color-text ); letter-spacing: 0.03em;\">CH-2540 Granges<br \/><\/span><span style=\"color: var( --e-global-color-text ); background-color: var( --e-global-color-e338bc4 ); letter-spacing: 0.03em;\">T\u00e9l\u00e9phone: +41 32 645 29 29<\/span><span style=\"background-color: var( --e-global-color-e338bc4 ); color: var( --e-global-color-text ); letter-spacing: 0.03em;\"><br \/><\/span><\/p><p>E-mail: info@integra-sitek.ch<\/p><p><strong>Collecte et traitement des donn\u00e9es personnelles<br \/><\/strong><span lang=\"FR\">Nous traitons principalement les donn\u00e9es personnelles que nous recevons, dans le cadre de notre relation commerciale avec nos clients et d&rsquo;autres partenaires commerciaux, de la part de ceux-ci et d&rsquo;autres personnes impliqu\u00e9es, ou que nous collectons aupr\u00e8s des utilisateurs des sites Web et autres applications que nous exploitons.<\/span><\/p><p>Dans la mesure o\u00f9 cela est autoris\u00e9, nous recueillons \u00e9galement certaines donn\u00e9es aupr\u00e8s de sources accessibles au public (par exemple, registres des poursuites, registres fonciers, registres du commerce, presse, Internet) ou nous les recevons d&rsquo;autres soci\u00e9t\u00e9s du groupe INTEGRA, des autorit\u00e9s et d&rsquo;autres tiers.<\/p><p class=\"P68B1DB1-Standard4\" style=\"line-height: 21.3pt; background: white; margin: 22.5pt 0cm 22.5pt 0cm;\"><strong><span lang=\"FR\">Finalit\u00e9s du traitement des donn\u00e9es et bases juridiques<br \/><\/span><\/strong>Nous utilisons les donn\u00e9es personnelles que nous collectons principalement pour conclure et ex\u00e9cuter nos contrats avec nos clients et partenaires commerciaux, ainsi que pour nous conformer \u00e0 nos obligations l\u00e9gales en Suisse et \u00e0 l&rsquo;\u00e9tranger. Si vous travaillez pour ce type de clients ou partenaires commerciaux, vous pouvez \u00e9galement \u00eatre affect\u00e9 par cette fonction avec vos donn\u00e9es personnelles.<\/p><p class=\"P68B1DB1-Standard3\" style=\"line-height: 21.3pt; background: white; margin: 22.5pt 0cm 22.5pt 0cm;\"><span lang=\"FR\">En outre, nous traitons vos donn\u00e9es personnelles et celles d&rsquo;autres personnes, dans la mesure o\u00f9 cela est autoris\u00e9 et o\u00f9 cela nous semble appropri\u00e9, lorsque ces donn\u00e9es pr\u00e9sentent pour nous (et parfois des tiers) un int\u00e9r\u00eat l\u00e9gitime, \u00e0 savoir:<\/span><\/p><ul><li>la mise \u00e0 disposition et le d\u00e9veloppement de nos offres, services et sites Web et autres plateformes sur lesquels nous sommes pr\u00e9sents;<\/li><li>la communication avec des tiers et le traitement de leurs demandes (p. ex. candidatures, requ\u00eates de m\u00e9dias);<\/li><li>la publicit\u00e9 et le marketing (y compris l&rsquo;organisation d&rsquo;\u00e9v\u00e9nements), dans la mesure o\u00f9 vous ne vous \u00eates pas oppos\u00e9 \u00e0 l&rsquo;utilisation de vos donn\u00e9es (si nous vous envoyons de la publicit\u00e9 en tant que client existant, vous pouvez vous y opposer \u00e0 tout moment, nous vous mettrons alors sur une liste noire pr\u00e9venant d&rsquo;autres envois de publicit\u00e9);<\/li><li>l&rsquo;exercice des droits et d\u00e9fense en justice dans le cadre de litiges juridiques et de proc\u00e9dures administratives;<\/li><li>le maintien du bon fonctionnement de nos services, en particulier de nos syst\u00e8mes informatiques, nos sites Web et autres plateformes;<\/li><li>les mesures de s\u00e9curit\u00e9 relatives aux syst\u00e8mes informatiques, aux b\u00e2timents et aux installations;<\/li><li>les transactions relevant du droit des soci\u00e9t\u00e9s et le transfert de donn\u00e9es personnelles, ainsi que les mesures destin\u00e9es \u00e0 la gestion d\u2019entreprise et au respect des obligations l\u00e9gales et r\u00e9glementaires et aux dispositions internes<\/li><\/ul><p class=\"P68B1DB1-Standard3\" style=\"line-height: 21.3pt; background: white; margin: 22.5pt 0cm 22.5pt 0cm;\"><span lang=\"FR\">Si vous nous avez autoris\u00e9s \u00e0 traiter vos donn\u00e9es personnelles \u00e0 des fins sp\u00e9cifiques (par ex. pour votre inscription \u00e0 la newsletter ou la v\u00e9rification d\u2019ant\u00e9c\u00e9dents), nous traitons vos informations dans le cadre et sur la base de ce consentement, dans la mesure o\u00f9 nous n\u2019avons pas d\u2019autre base juridique et qu\u2019une telle base est n\u00e9cessaire. Un consentement donn\u00e9 peut \u00eatre r\u00e9voqu\u00e9 \u00e0 tout moment, mais cela n&rsquo;a aucun effet sur les traitements de donn\u00e9es d\u00e9j\u00e0 effectu\u00e9s. <\/span><\/p><p><strong>Cookies \/ suivi et autres technologies li\u00e9es \u00e0 l&rsquo;utilisation de notre site Web<br \/><\/strong><span lang=\"FR\">Nous utilisons g\u00e9n\u00e9ralement des \u00abcookies\u00bb et des techniques similaires sur nos sites Web qui peuvent \u00eatre utilis\u00e9s pour identifier votre navigateur ou votre appareil. Si vous consultez \u00e0 nouveau ce site Web, nous pouvons vous identifier sans pour autant savoir qui vous \u00eates. En plus des cookies qui ne sont utilis\u00e9s que pendant une session et qui sont supprim\u00e9s apr\u00e8s votre visite sur le site Web (\u00abcookies de session\u00bb), les cookies peuvent \u00e9galement \u00eatre utilis\u00e9s pour stocker les param\u00e8tres de l&rsquo;utilisateur et d&rsquo;autres informations pendant une certaine p\u00e9riode (par exemple, deux ans) (\u00abcookies permanents\u00bb). Cependant, vous pouvez configurer votre navigateur pour qu&rsquo;il rejette les cookies, ne les enregistre que pour une session ou les supprime de mani\u00e8re anticip\u00e9e. Si vous bloquez les cookies, il est possible que certaines fonctionnalit\u00e9s cessent de fonctionner.<\/span><\/p><p>Nous utilisons parfois Google Analytics ou des services similaires sur nos sites Web. Il s&rsquo;agit d&rsquo;un service fourni par des tiers qui peuvent \u00eatre situ\u00e9s dans n&rsquo;importe quel pays du monde (dans le cas de Google Analytics, il s&rsquo;agit de Google Irlande (dont le si\u00e8ge est en Irlande), Google Irlande s&rsquo;appuie sur Google LLC (dont le si\u00e8ge se trouve aux \u00c9tats-Unis) en tant que sous-traitants (tous deux d\u00e9nomm\u00e9s \u00abGoogle\u00bb), www.google.com), avec lequel nous pouvons mesurer et \u00e9valuer (de fa\u00e7on anonyme) l&rsquo;utilisation du site Web. Des cookies permanents mis en place par le prestataire sont \u00e9galement utilis\u00e9s \u00e0 cet effet. Nous avons configur\u00e9 le service de mani\u00e8re \u00e0 ce que les adresses IP des visiteurs de Google en Europe soient raccourcies avant une redirection vers les \u00c9tats-Unis, \u00e9vitant ainsi qu&rsquo;elles puissent \u00eatre retrac\u00e9es. Nous avons d\u00e9sactiv\u00e9 les param\u00e8tres \u00abTransfert de donn\u00e9es\u00bb et \u00abSignaux\u00bb. Bien que nous puissions supposer que les informations que nous partageons avec Google ne sont pas des donn\u00e9es personnelles pour Google, il est possible que Google soit en mesure de tirer des conclusions sur l&rsquo;identit\u00e9 des visiteurs \u00e0 ses propres fins, de cr\u00e9er des profils personnels et de relier ces donn\u00e9es aux comptes Google de ces personnes. Si vous vous \u00eates inscrit vous-m\u00eame aupr\u00e8s du prestataire de services, celui-ci vous conna\u00eet \u00e9galement. Le traitement de vos donn\u00e9es personnelles par le prestataire de services est alors effectu\u00e9 sous la responsabilit\u00e9 de ce dernier, conform\u00e9ment \u00e0 ses dispositions en mati\u00e8re de protection des donn\u00e9es. Le prestataire de services nous indique uniquement comment notre site Web est utilis\u00e9 (aucune information vous concernant personnellement).<\/p><p class=\"P68B1DB1-Standard4\" style=\"line-height: 21.3pt; background: white; margin: 22.5pt 0cm 22.5pt 0cm;\"><strong><span lang=\"FR\">Transfert et transmission de donn\u00e9es \u00e0 l&rsquo;\u00e9tranger<br \/><\/span><\/strong>Dans le cadre de nos activit\u00e9s commerciales et aux fins \u00e9nonc\u00e9es au point 3, nous divulguons \u00e9galement vos donn\u00e9es \u00e0 des tiers, dans la mesure o\u00f9 cela est permis et nous semble opportun, soit parce qu\u2019ils les traitent pour notre compte, soit parce qu\u2019ils souhaitent les utiliser \u00e0 leurs propres fins. Il s\u2019agit notamment des destinataires suivants:<\/p><ul><li>prestataires de services internes (au sein du groupe INTEGRA) ou externes, y compris les responsables du traitement des commandes (tels que les fournisseurs de services informatiques);<\/li><li>distributeurs, fournisseurs, sous-traitants et autres partenaires commerciaux;<\/li><li>clients;<\/li><li>autorit\u00e9s, services ou tribunaux nationaux et \u00e9trangers;<\/li><li>m\u00e9dias;<\/li><li>public, y compris les visiteurs des sites Web et des r\u00e9seaux sociaux;<\/li><li>concurrents, organisations sectorielles, associations, organisations et autres organismes;<\/li><li>autres parties dans des proc\u00e9dures judiciaires possibles ou effectives;<\/li><li>autres soci\u00e9t\u00e9s du groupe INTEGRA;<\/li><\/ul><p>tous les \u00ab<strong>destinataires<\/strong>\u00bb ensemble.<\/p><p>Ces destinataires sont situ\u00e9s en partie en Suisse, mais peuvent aussi se trouver n\u2019importe o\u00f9 dans le monde. Vous devez notamment vous attendre \u00e0 ce que vos donn\u00e9es soient transf\u00e9r\u00e9es dans tous les pays o\u00f9 le groupe INTEGRA est repr\u00e9sent\u00e9 par des soci\u00e9t\u00e9s du groupe, des succursales ou d&rsquo;autres bureaux, ainsi que dans d&rsquo;autres pays d&rsquo;Europe et aux \u00c9tats-Unis o\u00f9 se trouvent les prestataires de services auxquels nous avons recours (tels que Microsoft, SAP, etc.).<\/p><p class=\"P68B1DB1-Standard3\" style=\"line-height: 21.3pt; background: white; margin: 22.5pt 0cm 22.5pt 0cm;\"><span lang=\"FR\">Si un destinataire se trouve dans un pays n\u2019offrant pas de protection l\u00e9gale des donn\u00e9es ad\u00e9quate, nous obligeons contractuellement le destinataire \u00e0 respecter la protection des donn\u00e9es applicable (nous utilisons \u00e0 cet effet les clauses contractuelles types r\u00e9vis\u00e9es de la Commission europ\u00e9enne, qui peuvent \u00eatre consult\u00e9es ici: https:\/\/eur-lex.europa.eu\/eli\/dec_impl\/2021\/914\/oj?), dans la mesure o\u00f9 il n&rsquo;est pas d\u00e9j\u00e0 soumis \u00e0 une r\u00e9glementation reconnue par la loi destin\u00e9e \u00e0 garantir la protection des donn\u00e9es et que nous ne pouvons pas nous appuyer sur une disposition d&rsquo;exception. Une exception peut notamment s&rsquo;appliquer dans le cadre de proc\u00e9dures judiciaires \u00e0 l&rsquo;\u00e9tranger, mais aussi en cas d&rsquo;int\u00e9r\u00eat public pr\u00e9pond\u00e9rant ou si l&rsquo;ex\u00e9cution d&rsquo;un contrat n\u00e9cessite une telle divulgation, si vous avez donn\u00e9 votre consentement ou s&rsquo;il s&rsquo;agit de donn\u00e9es que vous avez rendues accessibles \u00e0 tous et dont vous ne vous \u00eates pas oppos\u00e9 au traitement.<\/span><\/p><p><strong>Dur\u00e9e de conservation des donn\u00e9es personnelles<br \/><\/strong><span lang=\"FR\">Nous traitons et stockons vos donn\u00e9es personnelles aussi longtemps que cela est n\u00e9cessaire pour l&rsquo;ex\u00e9cution de nos obligations contractuelles et l\u00e9gales ou \u00e0 d&rsquo;autres fins recherch\u00e9es, c&rsquo;est-\u00e0-dire, par exemple, pour la dur\u00e9e de l&rsquo;ensemble de la relation commerciale (de la conclusion, l&rsquo;ex\u00e9cution jusqu&rsquo;\u00e0 la r\u00e9siliation d&rsquo;un contrat) et au-del\u00e0 conform\u00e9ment aux obligations l\u00e9gales de conservation et de documentation. Il est possible que les donn\u00e9es personnelles soient conserv\u00e9es au cours de la p\u00e9riode pendant laquelle des r\u00e9clamations peuvent \u00eatre faites contre notre entreprise et dans la mesure o\u00f9 nous sommes l\u00e9galement tenus de le faire ou si des int\u00e9r\u00eats commerciaux l\u00e9gitimes l&rsquo;exigent (par exemple \u00e0 des fins de preuve et de documentation). D\u00e8s que vos donn\u00e9es personnelles ne sont plus n\u00e9cessaires aux fins susmentionn\u00e9es, elles sont en principe effac\u00e9es et, dans la mesure du possible, rendues anonymes.<\/span><\/p><p><strong>S\u00e9curit\u00e9 des donn\u00e9es<br \/><\/strong>Nous prenons les mesures de s\u00e9curit\u00e9 techniques et organisationnelles appropri\u00e9es, telles que l&rsquo;adoption d&rsquo;instructions, de formations, de solutions de s\u00e9curit\u00e9 informatique et r\u00e9seau, de contr\u00f4les et de restrictions d&rsquo;acc\u00e8s, le chiffrement des supports de donn\u00e9es et de transmissions, etc., pour prot\u00e9ger vos donn\u00e9es personnelles contre tout acc\u00e8s non autoris\u00e9 et toute utilisation abusive.<\/p><p><strong>Obligation de fournir des donn\u00e9es personnelles<br \/><\/strong>Dans le cadre de notre relation commerciale, vous devez fournir les donn\u00e9es personnelles n\u00e9cessaires \u00e0 l&rsquo;\u00e9tablissement et \u00e0 l&rsquo;ex\u00e9cution d&rsquo;une relation commerciale et \u00e0 l\u2019accomplissement des obligations contractuelles associ\u00e9es (vous n&rsquo;avez g\u00e9n\u00e9ralement pas d&rsquo;obligation l\u00e9gale de nous fournir des donn\u00e9es). Sans ces donn\u00e9es, nous ne serons g\u00e9n\u00e9ralement pas en mesure de conclure un contrat avec vous (ou l&rsquo;entit\u00e9 ou la personne que vous repr\u00e9sentez) ou de l&rsquo;ex\u00e9cuter.<\/p><p><strong>Droits de la personne concern\u00e9e<br \/><\/strong>Dans le cadre de la loi sur la protection des donn\u00e9es qui vous est applicable et dans la mesure o\u00f9 elle le pr\u00e9voit (comme dans le cas du RGPD), vous \u00eates en droit de demander l\u2019acc\u00e8s, la rectification, la suppression ou la limitation du traitement de vos donn\u00e9es personnelles ainsi que de vous\u00a0<strong>opposer au traitement desdites donn\u00e9es, en particulier \u00e0 des fins de marketing direct et d\u2019autres int\u00e9r\u00eats l\u00e9gitimes.<\/strong>\u00a0Vous avez par ailleurs droit \u00e0 la remise de certaines donn\u00e9es personnelles en vue de leur transfert \u00e0 une autre entit\u00e9 (portabilit\u00e9 des donn\u00e9es). Veuillez toutefois noter que nous nous r\u00e9servons le droit de faire valoir les restrictions pr\u00e9vues par la loi, par exemple si nous sommes tenus de conserver ou de traiter certaines donn\u00e9es, si nous y avons un int\u00e9r\u00eat pr\u00e9pond\u00e9rant (dans la mesure o\u00f9 nous pouvons l&rsquo;invoquer) ou si nous en avons besoin pour faire valoir des droits. Vous serez inform\u00e9 en amont des frais \u00e9ventuels. Nous avons d\u00e9j\u00e0 attir\u00e9 votre attention au point 3 sur la possibilit\u00e9 de r\u00e9voquer votre consentement. Veuillez noter que l&rsquo;exercice de ces droits peut entrer en conflit avec les accords contractuels et que cela peut notamment mener \u00e0 la r\u00e9siliation anticip\u00e9e du contrat ou des cons\u00e9quences financi\u00e8res. Vous serez notifi\u00e9 au pr\u00e9alable de tels cas si cela n&rsquo;est pas d\u00e9j\u00e0 r\u00e9gl\u00e9 contractuellement.<\/p><p>L&rsquo;exercice de ces droits suppose g\u00e9n\u00e9ralement que vous prouviez clairement votre identit\u00e9 (par exemple, par le biais d&rsquo;une copie de votre pi\u00e8ce d&rsquo;identit\u00e9, si votre identit\u00e9 n&rsquo;est pas claire ou ne peut pas \u00eatre v\u00e9rifi\u00e9e). Pour faire valoir vos droits, vous pouvez nous contacter \u00e0 l&rsquo;adresse indiqu\u00e9e au point 1.<\/p><p class=\"P68B1DB1-Standard3\" style=\"line-height: 21.3pt; background: white; margin: 22.5pt 0cm 22.5pt 0cm;\"><span lang=\"FR\">Chaque personne concern\u00e9e a \u00e9galement le droit de faire valoir ses droits en justice ou de d\u00e9poser une plainte aupr\u00e8s de l&rsquo;autorit\u00e9 comp\u00e9tente en mati\u00e8re de protection des donn\u00e9es. L&rsquo;autorit\u00e9 comp\u00e9tente suisse de protection des donn\u00e9es est le Pr\u00e9pos\u00e9 f\u00e9d\u00e9ral \u00e0 la protection des donn\u00e9es et \u00e0 la transparence (http:\/\/www.edoeb.admin.ch).<\/span><\/p><p><strong>Modifications<br \/><\/strong>Nous pouvons modifier la pr\u00e9sente politique de confidentialit\u00e9 \u00e0 tout moment et sans pr\u00e9avis. La version actuelle publi\u00e9e sur notre site Web s&rsquo;applique. Dans la mesure o\u00f9 la politique de confidentialit\u00e9 fait partie d&rsquo;un accord avec vous, nous vous informerons de sa modification par e-mail ou par tout autre moyen appropri\u00e9 en cas de mise \u00e0 jour.<\/p><p>Bas\u00e9 sur <a href=\"https:\/\/dsat.ch\/\">dsat.ch<\/a><\/p>\t\t\t\t\t\t\t\t<\/div>\n\t\t\t\t<\/div>\n\t\t\t\t\t<\/div>\n\t\t<\/div>\n\t\t\t\t\t<\/div>\n\t\t<\/section>\n\t\t\t\t<section class=\"elementor-section elementor-top-section elementor-element elementor-element-54e12b61 elementor-section-stretched bg-overlay elementor-section-boxed elementor-section-height-default elementor-section-height-default\" data-id=\"54e12b61\" data-element_type=\"section\" data-e-type=\"section\" data-settings=\"{&quot;stretch_section&quot;:&quot;section-stretched&quot;,&quot;background_background&quot;:&quot;classic&quot;}\">\n\t\t\t\t\t\t<div class=\"elementor-container elementor-column-gap-default\">\n\t\t\t\t\t<div class=\"elementor-column elementor-col-50 elementor-top-column elementor-element elementor-element-6c9ef94e\" data-id=\"6c9ef94e\" data-element_type=\"column\" data-e-type=\"column\">\n\t\t\t<div class=\"elementor-widget-wrap elementor-element-populated\">\n\t\t\t\t\t\t<div class=\"elementor-element elementor-element-6f0745c4 elementor-widget elementor-widget-industrium_heading\" data-id=\"6f0745c4\" data-element_type=\"widget\" data-e-type=\"widget\" data-widget_type=\"industrium_heading.default\">\n\t\t\t\t<div class=\"elementor-widget-container\">\n\t\t\t\t\t<div class=\"industrium-heading-widget\"><h2 class=\"industrium-heading\"><span class=\"industrium-heading-content\">Remarques g\u00e9n\u00e9rales et mentions l\u00e9gales<\/span><\/h2><\/div>\t\t\t\t<\/div>\n\t\t\t\t<\/div>\n\t\t\t\t\t<\/div>\n\t\t<\/div>\n\t\t\t\t<div class=\"elementor-column elementor-col-50 elementor-top-column elementor-element elementor-element-356b969a\" data-id=\"356b969a\" data-element_type=\"column\" data-e-type=\"column\">\n\t\t\t<div class=\"elementor-widget-wrap elementor-element-populated\">\n\t\t\t\t\t\t<div class=\"elementor-element elementor-element-496850ec elementor-widget elementor-widget-text-editor\" data-id=\"496850ec\" data-element_type=\"widget\" data-e-type=\"widget\" data-widget_type=\"text-editor.default\">\n\t\t\t\t<div class=\"elementor-widget-container\">\n\t\t\t\t\t\t\t\t\t<p><strong>Protection des donn\u00e9es<\/strong><br \/>Les op\u00e9rateurs de ces sites prennent la protection de vos donn\u00e9es personnelles tr\u00e8s au s\u00e9rieux. Nous traitons vos donn\u00e9es personnelles de mani\u00e8re confidentielle, conform\u00e9ment aux dispositions l\u00e9gales en mati\u00e8re de protection des donn\u00e9es et \u00e0 la pr\u00e9sente d\u00e9claration.<\/p><p>Lorsque vous utilisez ce site Web, diverses donn\u00e9es personnelles sont collect\u00e9es. Les donn\u00e9es personnelles sont des donn\u00e9es qui peuvent \u00eatre utilis\u00e9es pour vous identifier personnellement. La pr\u00e9sente d\u00e9claration de protection des donn\u00e9es indique quelles donn\u00e9es nous collectons et dans quel cadre nous les utilisons. Elle explique \u00e9galement comment et dans quel but cela se produit.<\/p><p>Nous attirons votre attention sur le fait que la transmission de donn\u00e9es sur Internet (par exemple lors de la communication par e-mail) peut pr\u00e9senter des failles de s\u00e9curit\u00e9. Il est impossible de prot\u00e9ger compl\u00e8tement les donn\u00e9es d&rsquo;un acc\u00e8s par des tiers.<\/p><p><strong>Remarque sur l&rsquo;organisme responsable<\/strong><br \/>L&rsquo;organisme responsable du traitement des donn\u00e9es sur ce site Web est:<\/p><p>INTEGRA SITEK AG<br \/>Neckarsulmstrasse 24<br \/>2540 Granges<br \/>Suisse<\/p><p><a href=\"tel:+41326452929\">T\u00e9l\u00e9phone: +41 32 645 29 29<\/a><br \/><a href=\"mailto:info@integra-sitek.ch\">info@integra-sitek.ch<\/a><\/p><p>L&rsquo;organisme responsable est la personne physique ou morale qui, seule ou conjointement avec d&rsquo;autres, d\u00e9cide des finalit\u00e9s et des moyens de traitement des donn\u00e9es personnelles (par exemple, noms, adresses e-mail, etc.).<\/p><p><strong>R\u00e9vocation de votre consentement au traitement des donn\u00e9es<br \/><\/strong>De nombreuses op\u00e9rations de traitement des donn\u00e9es ne sont possibles qu&rsquo;avec votre consentement explicite. Vous pouvez r\u00e9voquer \u00e0 tout moment un consentement d\u00e9j\u00e0 donn\u00e9. Pour ce faire, il suffit de nous envoyer un message informel par e-mail. La r\u00e9vocation du consentement n&rsquo;affecte pas la l\u00e9galit\u00e9 du traitement des donn\u00e9es effectu\u00e9 jusqu&rsquo;\u00e0 la r\u00e9vocation.<\/p><p><strong>Chiffrement SSL ou TLS<\/strong><br \/>Pour des raisons de s\u00e9curit\u00e9 et pour prot\u00e9ger la transmission de contenus confidentiels, notamment les commandes ou les demandes que nous recevons de votre part en qualit\u00e9 d&rsquo;op\u00e9rateur du site, ce site utilise un chiffrement SSL ou TLS. Vous pouvez reconna\u00eetre une connexion chiffr\u00e9e par le fait que la ligne d&rsquo;adresse du navigateur passe de \u00abhttp:\/\/\u00bb \u00e0 \u00abhttps:\/\/\u00bb et par l&rsquo;ic\u00f4ne en forme de cadenas dans la ligne de votre navigateur.<\/p><p>Si le chiffrement SSL ou TLS est activ\u00e9, les donn\u00e9es que vous nous transmettez ne peuvent pas \u00eatre lues par des tiers.<\/p><p><strong>Informations, blocage, suppression<br \/><\/strong>Dans le cadre des dispositions l\u00e9gales en vigueur, vous avez \u00e0 tout moment le droit d&rsquo;obtenir gratuitement des informations sur vos donn\u00e9es personnelles stock\u00e9es, leur origine et leur destinataire ainsi que sur la finalit\u00e9 du traitement des donn\u00e9es. Vous avez \u00e9galement, le cas \u00e9ch\u00e9ant, le droit de faire rectifier, bloquer ou supprimer ces donn\u00e9es. \u00c0 cet \u00e9gard, ainsi que pour toute autre question concernant les donn\u00e9es personnelles, vous pouvez nous contacter \u00e0 tout moment \u00e0 l&rsquo;adresse indiqu\u00e9e dans les mentions l\u00e9gales.<\/p><p><strong>Opposition aux e-mails publicitaires<\/strong><br \/>Cette opposition interdit l&rsquo;utilisation des donn\u00e9es de contact publi\u00e9es dans le cadre de l&rsquo;obligation d&rsquo;impression pour l&rsquo;envoi de publicit\u00e9s et de documents d&rsquo;information non express\u00e9ment demand\u00e9s. Les op\u00e9rateurs des sites se r\u00e9servent express\u00e9ment le droit d&rsquo;intenter une action en justice en cas d&rsquo;envoi non sollicit\u00e9 d&rsquo;informations publicitaires, par exemple par le biais d&rsquo;e-mails ind\u00e9sirables.<\/p>\t\t\t\t\t\t\t\t<\/div>\n\t\t\t\t<\/div>\n\t\t\t\t\t<\/div>\n\t\t<\/div>\n\t\t\t\t\t<\/div>\n\t\t<\/section>\n\t\t\t\t<section class=\"elementor-section elementor-top-section elementor-element elementor-element-4a9f4bc6 elementor-section-stretched elementor-section-boxed elementor-section-height-default elementor-section-height-default\" data-id=\"4a9f4bc6\" data-element_type=\"section\" data-e-type=\"section\" data-settings=\"{&quot;stretch_section&quot;:&quot;section-stretched&quot;,&quot;background_background&quot;:&quot;classic&quot;}\">\n\t\t\t\t\t\t<div class=\"elementor-container elementor-column-gap-default\">\n\t\t\t\t\t<div class=\"elementor-column elementor-col-50 elementor-top-column elementor-element elementor-element-39b9342b\" data-id=\"39b9342b\" data-element_type=\"column\" data-e-type=\"column\">\n\t\t\t<div class=\"elementor-widget-wrap elementor-element-populated\">\n\t\t\t\t\t\t<div class=\"elementor-element elementor-element-6446016c elementor-widget elementor-widget-industrium_heading\" data-id=\"6446016c\" data-element_type=\"widget\" data-e-type=\"widget\" data-widget_type=\"industrium_heading.default\">\n\t\t\t\t<div class=\"elementor-widget-container\">\n\t\t\t\t\t<div class=\"industrium-heading-widget\"><h2 class=\"industrium-heading\"><span class=\"industrium-heading-content\">Collecte de donn\u00e9es sur<br \/>notre site Web<\/span><\/h2><\/div>\t\t\t\t<\/div>\n\t\t\t\t<\/div>\n\t\t\t\t\t<\/div>\n\t\t<\/div>\n\t\t\t\t<div class=\"elementor-column elementor-col-50 elementor-top-column elementor-element elementor-element-486a9232\" data-id=\"486a9232\" data-element_type=\"column\" data-e-type=\"column\">\n\t\t\t<div class=\"elementor-widget-wrap elementor-element-populated\">\n\t\t\t\t\t\t<div class=\"elementor-element elementor-element-f084a98 elementor-widget elementor-widget-text-editor\" data-id=\"f084a98\" data-element_type=\"widget\" data-e-type=\"widget\" data-widget_type=\"text-editor.default\">\n\t\t\t\t<div class=\"elementor-widget-container\">\n\t\t\t\t\t\t\t\t\t<p><strong>Cookies<\/strong><br \/>Les sites Internet utilisent parfois ce que l&rsquo;on appelle des cookies. Les cookies ne causent aucun dommage \u00e0 votre ordinateur et ne contiennent aucun virus. Ils servent \u00e0 rendre notre offre plus conviviale, plus efficace et plus s\u00fbre. Les cookies sont de petits fichiers texte qui sont d\u00e9pos\u00e9s sur votre ordinateur et que votre navigateur enregistre.<\/p><p>La plupart des cookies que nous utilisons sont ce que l&rsquo;on appelle des \u00abcookies de session\u00bb. Ils sont automatiquement supprim\u00e9s apr\u00e8s votre visite. Les autres cookies restent stock\u00e9s sur votre appareil jusqu&rsquo;\u00e0 ce que vous les supprimiez. Ces cookies nous permettent de reconna\u00eetre votre navigateur lors de votre prochaine visite.<\/p><p>Vous pouvez configurer votre navigateur de fa\u00e7on \u00e0 \u00eatre inform\u00e9 de la configuration des cookies, \u00e0 n&rsquo;autoriser les cookies que dans des cas sp\u00e9cifiques, \u00e0 exclure l&rsquo;acceptation des cookies dans certains cas ou globalement et \u00e0 activer la suppression automatique des cookies lors de la fermeture du navigateur. Si les cookies sont d\u00e9sactiv\u00e9s, il se peut que la fonctionnalit\u00e9 de ce site Web soit limit\u00e9e.<\/p><p>Les cookies n\u00e9cessaires \u00e0 l&rsquo;ex\u00e9cution du processus de communication \u00e9lectronique ou \u00e0 la mise \u00e0 disposition de certaines fonctions que vous souhaitez (par exemple, la fonction panier d&rsquo;achat) sont stock\u00e9s en vertu de l&rsquo;art.\u00a06, par.\u00a0 1, point\u00a0f du RGPD. L&rsquo;op\u00e9rateur du site Web a un int\u00e9r\u00eat l\u00e9gitime au stockage des cookies pour fournir ses services sans erreur et de fa\u00e7on optimis\u00e9e. Dans les cas o\u00f9 d&rsquo;autres cookies (par exemple, des cookies permettant d&rsquo;analyser votre comportement de navigation) sont stock\u00e9s, ils sont trait\u00e9s s\u00e9par\u00e9ment dans la pr\u00e9sente politique de confidentialit\u00e9.<\/p><p><strong>Fichiers journaux du serveur<br \/><\/strong>Le fournisseur des pages collecte et enregistre automatiquement les informations dans ce que l&rsquo;on appelle des fichiers journaux du serveur, que votre navigateur nous transmet automatiquement. Ces informations sp\u00e9cifient:<\/p><ul><li>le type et la version du navigateur<\/li><li>le syst\u00e8me d&rsquo;exploitation utilis\u00e9<\/li><li>l&rsquo;URL de r\u00e9f\u00e9rence<\/li><li>le nom d&rsquo;h\u00f4te de l&rsquo;ordinateur demandeur<\/li><li>l&rsquo;heure de la demande au serveur<\/li><li>l&rsquo;adresse IP<\/li><\/ul><p>Ces donn\u00e9es ne seront pas fusionn\u00e9es avec d&rsquo;autres sources de donn\u00e9es.<\/p><p>La base du traitement des donn\u00e9es est l&rsquo;art.\u00a06, par.\u00a0 1, point\u00a0f du RGPD, qui permet le traitement des donn\u00e9es pour l&rsquo;ex\u00e9cution d&rsquo;un contrat ou de mesures pr\u00e9contractuelles.<\/p><p><strong>Formulaire de contact<\/strong><br \/>Si vous nous faites parvenir des demandes via le formulaire de contact, les informations qui figurent dans le formulaire, notamment les coordonn\u00e9es que vous y avez saisies, seront stock\u00e9es chez nous pour le traitement de la demande et d&rsquo;\u00e9ventuelles questions compl\u00e9mentaires. Nous ne transmettrons pas ces donn\u00e9es sans votre consentement.<\/p><p>Le traitement des donn\u00e9es saisies dans le formulaire de contact s&rsquo;effectue donc exclusivement sur la base de votre consentement (art.\u00a06, par.\u00a0 1, point\u00a0a du RGPD). Vous pouvez retirer ce consentement \u00e0 tout moment. Pour ce faire, il suffit de nous envoyer un message informel par e-mail. La r\u00e9vocation du consentement n&rsquo;affecte pas la l\u00e9galit\u00e9 du traitement des donn\u00e9es effectu\u00e9 jusqu&rsquo;\u00e0 la r\u00e9vocation.<\/p><p>Les donn\u00e9es que vous avez saisies dans le formulaire de contact restent en notre possession jusqu&rsquo;\u00e0 ce que vous nous demandiez de les supprimer, que vous r\u00e9voquiez votre consentement au stockage ou que la finalit\u00e9 du stockage des donn\u00e9es ne s&rsquo;applique plus (par exemple, apr\u00e8s le traitement de votre demande). Les dispositions l\u00e9gales obligatoires \u2013 en particulier les p\u00e9riodes de conservation \u2013 restent inchang\u00e9es.<\/p>\t\t\t\t\t\t\t\t<\/div>\n\t\t\t\t<\/div>\n\t\t\t\t\t<\/div>\n\t\t<\/div>\n\t\t\t\t\t<\/div>\n\t\t<\/section>\n\t\t\t\t<section class=\"elementor-section elementor-top-section elementor-element elementor-element-6145665e elementor-section-stretched bg-overlay elementor-section-boxed elementor-section-height-default elementor-section-height-default\" data-id=\"6145665e\" data-element_type=\"section\" data-e-type=\"section\" data-settings=\"{&quot;stretch_section&quot;:&quot;section-stretched&quot;,&quot;background_background&quot;:&quot;classic&quot;}\">\n\t\t\t\t\t\t<div class=\"elementor-container elementor-column-gap-default\">\n\t\t\t\t\t<div class=\"elementor-column elementor-col-50 elementor-top-column elementor-element elementor-element-6c3011f1\" data-id=\"6c3011f1\" data-element_type=\"column\" data-e-type=\"column\">\n\t\t\t<div class=\"elementor-widget-wrap elementor-element-populated\">\n\t\t\t\t\t\t<div class=\"elementor-element elementor-element-59d20d2d elementor-widget elementor-widget-industrium_heading\" data-id=\"59d20d2d\" data-element_type=\"widget\" data-e-type=\"widget\" data-widget_type=\"industrium_heading.default\">\n\t\t\t\t<div class=\"elementor-widget-container\">\n\t\t\t\t\t<div class=\"industrium-heading-widget\"><h2 class=\"industrium-heading\"><span class=\"industrium-heading-content\">Outils d'analyse<br \/>et publicit\u00e9<\/span><\/h2><\/div>\t\t\t\t<\/div>\n\t\t\t\t<\/div>\n\t\t\t\t\t<\/div>\n\t\t<\/div>\n\t\t\t\t<div class=\"elementor-column elementor-col-50 elementor-top-column elementor-element elementor-element-1d6a128f\" data-id=\"1d6a128f\" data-element_type=\"column\" data-e-type=\"column\">\n\t\t\t<div class=\"elementor-widget-wrap elementor-element-populated\">\n\t\t\t\t\t\t<div class=\"elementor-element elementor-element-15e7cbed elementor-widget elementor-widget-text-editor\" data-id=\"15e7cbed\" data-element_type=\"widget\" data-e-type=\"widget\" data-widget_type=\"text-editor.default\">\n\t\t\t\t<div class=\"elementor-widget-container\">\n\t\t\t\t\t\t\t\t\t<p><strong>Google Analytics<br \/><\/strong>Ce site Web utilise les fonctions du service d&rsquo;analyse Web Google Analytics. Le fournisseur en est Google Inc., 1600 Amphitheatre Parkway, Mountain View, CA 94043, \u00c9tats-Unis.<\/p><p>Google Analytics utilise ce que l&rsquo;on appelle des \u00abcookies\u00bb. Il s&rsquo;agit de fichiers texte qui sont enregistr\u00e9s sur votre ordinateur et qui permettent d&rsquo;analyser votre utilisation d&rsquo;un site Web. Les informations g\u00e9n\u00e9r\u00e9es par les cookies concernant votre utilisation de ce site Web sont g\u00e9n\u00e9ralement transmises \u00e0 un serveur de Google aux Etats-Unis, o\u00f9 elles sont ensuite stock\u00e9es.<\/p><p>Le stockage des cookies Google Analytics s&rsquo;effectue sur la base de l&rsquo;art.\u00a06, par.\u00a0 1, point\u00a0f du RGPD. L&rsquo;exploitant du site Web a un int\u00e9r\u00eat l\u00e9gitime \u00e0 analyser le comportement des utilisateurs afin d&rsquo;optimiser \u00e0 la fois son site Web et sa publicit\u00e9.<\/p><p><strong>Anonymisation de l&rsquo;IP<\/strong><br \/>Nous avons activ\u00e9 la fonction d&rsquo;anonymisation de l&rsquo;adresse IP sur ce site Web. Cela signifie qu&rsquo;avant sa transmission aux \u00c9tats-Unis, votre adresse IP sera raccourcie par Google au sein des \u00c9tats membres de l&rsquo;Union europ\u00e9enne ou dans d&rsquo;autres \u00c9tats signataires de l&rsquo;accord sur l&rsquo;Espace \u00e9conomique europ\u00e9en. Dans des cas exceptionnels uniquement, l&rsquo;adresse IP compl\u00e8te sera transmise \u00e0 un serveur de Google aux \u00c9tats-Unis avant d&rsquo;y \u00eatre abr\u00e9g\u00e9e. Au nom de l&rsquo;exploitant de ce site Web, Google utilisera ces informations afin d&rsquo;\u00e9valuer votre utilisation du site Web, de compiler des rapports sur les activit\u00e9s du site Web et de fournir d&rsquo;autres services li\u00e9s \u00e0 l&rsquo;utilisation du site Web et d&rsquo;Internet \u00e0 l&rsquo;op\u00e9rateur du site Web. L&rsquo;adresse IP transmise par votre navigateur dans le cadre de Google Analytics ne sera pas fusionn\u00e9e avec d&rsquo;autres donn\u00e9es de Google.<\/p><p><strong>Plug-in de navigateur<br \/><\/strong>Vous pouvez emp\u00eacher l&rsquo;installation des cookies en param\u00e9trant votre logiciel de navigation en cons\u00e9quence, mais nous vous informons que, dans ce cas, vous ne pourrez peut-\u00eatre pas utiliser pleinement toutes les fonctions de ce site Web. Vous pouvez \u00e9galement emp\u00eacher la collecte des donn\u00e9es g\u00e9n\u00e9r\u00e9es par les cookies et li\u00e9es \u00e0 votre utilisation du site Web (y compris votre adresse IP) ainsi que le traitement de ces donn\u00e9es par Google, en t\u00e9l\u00e9chargeant et en installant le plug-in de navigateur disponible au lien suivant:\u00a0<a href=\"https:\/\/tools.google.com\/dlpage\/gaoptout?hl=de\">https:\/\/tools.google.com\/dlpage\/gaoptout?hl=fr<\/a><\/p><p><strong>Opposition \u00e0 la collecte de donn\u00e9es<\/strong><br \/>Vous pouvez emp\u00eacher la collecte de vos donn\u00e9es par Google Analytics en cliquant sur le lien suivant. Un cookie de d\u00e9sactivation sera install\u00e9, ce qui emp\u00eachera la collecte de vos donn\u00e9es lors de vos prochaines visites sur ce site Web: d\u00e9sactiver Google Analytics.<\/p><p>Vous trouverez plus d&rsquo;informations sur le traitement des donn\u00e9es des utilisateurs par Google Analytics dans la politique de confidentialit\u00e9 de Google\u00a0:\u00a0<a href=\"https:\/\/support.google.com\/analytics\/answer\/6004245?hl=fr\">https:\/\/support.google.com\/analytics\/answer\/6004245?hl=fr<\/a><\/p>\t\t\t\t\t\t\t\t<\/div>\n\t\t\t\t<\/div>\n\t\t\t\t\t<\/div>\n\t\t<\/div>\n\t\t\t\t\t<\/div>\n\t\t<\/section>\n\t\t\t\t<section class=\"elementor-section elementor-top-section elementor-element elementor-element-3c528585 elementor-section-stretched elementor-section-boxed elementor-section-height-default elementor-section-height-default\" data-id=\"3c528585\" data-element_type=\"section\" data-e-type=\"section\" data-settings=\"{&quot;stretch_section&quot;:&quot;section-stretched&quot;,&quot;background_background&quot;:&quot;classic&quot;}\">\n\t\t\t\t\t\t<div class=\"elementor-container elementor-column-gap-default\">\n\t\t\t\t\t<div class=\"elementor-column elementor-col-50 elementor-top-column elementor-element elementor-element-2b5fef5\" data-id=\"2b5fef5\" data-element_type=\"column\" data-e-type=\"column\">\n\t\t\t<div class=\"elementor-widget-wrap elementor-element-populated\">\n\t\t\t\t\t\t<div class=\"elementor-element elementor-element-2356650d elementor-widget elementor-widget-industrium_heading\" data-id=\"2356650d\" data-element_type=\"widget\" data-e-type=\"widget\" data-widget_type=\"industrium_heading.default\">\n\t\t\t\t<div class=\"elementor-widget-container\">\n\t\t\t\t\t<div class=\"industrium-heading-widget\"><h2 class=\"industrium-heading\"><span class=\"industrium-heading-content\">Plug-ins et outils<\/span><\/h2><\/div>\t\t\t\t<\/div>\n\t\t\t\t<\/div>\n\t\t\t\t\t<\/div>\n\t\t<\/div>\n\t\t\t\t<div class=\"elementor-column elementor-col-50 elementor-top-column elementor-element elementor-element-7ddb34e8\" data-id=\"7ddb34e8\" data-element_type=\"column\" data-e-type=\"column\">\n\t\t\t<div class=\"elementor-widget-wrap elementor-element-populated\">\n\t\t\t\t\t\t<div class=\"elementor-element elementor-element-3bef8591 elementor-widget elementor-widget-text-editor\" data-id=\"3bef8591\" data-element_type=\"widget\" data-e-type=\"widget\" data-widget_type=\"text-editor.default\">\n\t\t\t\t<div class=\"elementor-widget-container\">\n\t\t\t\t\t\t\t\t\t<p><strong>Google Web Fonts<\/strong><br \/>Ce site utilise ce qu&rsquo;on appelle des Web Fonts, des polices fournies par Google pour un affichage uniforme des caract\u00e8res. Lorsque vous consultez un site, votre navigateur charge les Web Fonts n\u00e9cessaires dans le cache de votre navigateur afin d&rsquo;afficher correctement les textes et les polices.<\/p><p>\u00c0 cette fin, le navigateur que vous utilisez doit se connecter aux serveurs de Google. Cela permet \u00e0 Google de savoir que notre site Web a \u00e9t\u00e9 consult\u00e9 via votre adresse IP. L&rsquo;utilisation de Google Web Fonts est dans l&rsquo;int\u00e9r\u00eat d&rsquo;une pr\u00e9sentation uniforme et attrayante de nos offres en ligne. Cela constitue un int\u00e9r\u00eat l\u00e9gitime au sens de l&rsquo;art.\u00a06, par.\u00a0 1, point\u00a0f du RGPD.<\/p><p>Si votre navigateur ne prend pas en charge les Web Fonts, votre ordinateur utilisera une police par d\u00e9faut.<\/p><p>Pour de plus amples informations sur Google Web Fonts, consultez <a href=\"https:\/\/developers.google.com\/fonts\/faq\">https:\/\/developers.google.com\/fonts\/faq<\/a> et la politique de confidentialit\u00e9 de Google: <a href=\"https:\/\/www.google.com\/policies\/privacy\/\">https:\/\/www.google.com\/policies\/privacy<\/a><\/p><p><strong>Google Maps<br \/><\/strong>Ce site utilise le service de cartes Google Maps via une API. Le fournisseur en est Google Inc., 1600 Amphitheatre Parkway, Mountain View, CA 94043, \u00c9tats-Unis.<\/p><p>Pour utiliser les fonctions de Google Maps, il est n\u00e9cessaire d&rsquo;enregistrer votre adresse IP. Ces informations sont g\u00e9n\u00e9ralement transmises \u00e0 un serveur de Google aux \u00c9tats-Unis, o\u00f9 elles sont ensuite stock\u00e9es. Le fournisseur de ce site n&rsquo;a aucune influence sur ce transfert de donn\u00e9es.<\/p><p>L&rsquo;utilisation de Google Maps est dans l&rsquo;int\u00e9r\u00eat d&rsquo;une pr\u00e9sentation attrayante de nos offres en ligne et d&rsquo;une facilit\u00e9 de recherche des lieux que nous indiquons sur le site Web. Cela constitue un int\u00e9r\u00eat l\u00e9gitime au sens de l&rsquo;art.\u00a06, par.\u00a0 1, point\u00a0f du RGPD.<\/p><p>Vous trouverez plus d&rsquo;informations sur le traitement des donn\u00e9es des utilisateurs dans la politique de confidentialit\u00e9 de Google:\u00a0<a href=\"https:\/\/www.google.de\/intl\/de\/policies\/privacy\/\">https:\/\/www.google.ch\/intl\/fr\/policies\/privacy<\/a><\/p><p>Source:\u00a0<a href=\"https:\/\/www.e-recht24.de\/\">erecht24.de<\/a><\/p>\t\t\t\t\t\t\t\t<\/div>\n\t\t\t\t<\/div>\n\t\t\t\t\t<\/div>\n\t\t<\/div>\n\t\t\t\t\t<\/div>\n\t\t<\/section>\n\t\t\t\t<\/div>\n\t\t","protected":false},"excerpt":{"rendered":"<p>S\u00e9curit\u00e9 et protection des donn\u00e9es Protection des donn\u00e9es Dans cette d\u00e9claration de protection des donn\u00e9es, nous, INTEGRA Sitek AG, en tant que soci\u00e9t\u00e9 du groupe INTEGRA Holding AG (ci-apr\u00e8s ISAG), expliquons comment nous collectons et traitons les donn\u00e9es personnelles. Il ne&#8230;<\/p>\n","protected":false},"author":1,"featured_media":0,"parent":0,"menu_order":0,"comment_status":"closed","ping_status":"closed","template":"","meta":{"footnotes":""},"class_list":["post-23501","page","type-page","status-publish","hentry"],"yoast_head":"<!-- This site is optimized with the Yoast SEO Premium plugin v27.4 (Yoast SEO v27.4) - https:\/\/yoast.com\/product\/yoast-seo-premium-wordpress\/ -->\n<title>Protection des donn\u00e9es - INTEGRA Sitek AG<\/title>\n<meta name=\"robots\" content=\"index, follow, max-snippet:-1, max-image-preview:large, max-video-preview:-1\" \/>\n<link rel=\"canonical\" href=\"https:\/\/www.integra-sitek.ch\/fr\/datenschutz\/\" \/>\n<meta property=\"og:locale\" content=\"fr_FR\" \/>\n<meta property=\"og:type\" content=\"article\" \/>\n<meta property=\"og:title\" content=\"Protection des donn\u00e9es\" \/>\n<meta property=\"og:description\" content=\"S\u00e9curit\u00e9 et protection des donn\u00e9es Protection des donn\u00e9es Dans cette d\u00e9claration de protection des donn\u00e9es, nous, INTEGRA Sitek AG, en tant que soci\u00e9t\u00e9 du groupe INTEGRA Holding AG (ci-apr\u00e8s ISAG), expliquons comment nous collectons et traitons les donn\u00e9es personnelles. Il ne...\" \/>\n<meta property=\"og:url\" content=\"https:\/\/www.integra-sitek.ch\/fr\/datenschutz\/\" \/>\n<meta property=\"og:site_name\" content=\"INTEGRA Sitek AG\" \/>\n<meta property=\"article:modified_time\" content=\"2024-06-12T10:43:56+00:00\" \/>\n<meta name=\"twitter:card\" content=\"summary_large_image\" \/>\n<meta name=\"twitter:label1\" content=\"Dur\u00e9e de lecture estim\u00e9e\" \/>\n\t<meta name=\"twitter:data1\" content=\"21 minutes\" \/>\n<script type=\"application\/ld+json\" class=\"yoast-schema-graph\">{\"@context\":\"https:\\\/\\\/schema.org\",\"@graph\":[{\"@type\":\"WebPage\",\"@id\":\"https:\\\/\\\/www.integra-sitek.ch\\\/fr\\\/datenschutz\\\/\",\"url\":\"https:\\\/\\\/www.integra-sitek.ch\\\/fr\\\/datenschutz\\\/\",\"name\":\"Protection des donn\u00e9es - INTEGRA Sitek AG\",\"isPartOf\":{\"@id\":\"https:\\\/\\\/www.integra-sitek.ch\\\/fr\\\/#website\"},\"datePublished\":\"2023-04-12T09:18:00+00:00\",\"dateModified\":\"2024-06-12T10:43:56+00:00\",\"breadcrumb\":{\"@id\":\"https:\\\/\\\/www.integra-sitek.ch\\\/fr\\\/datenschutz\\\/#breadcrumb\"},\"inLanguage\":\"fr-FR\",\"potentialAction\":[{\"@type\":\"ReadAction\",\"target\":[\"https:\\\/\\\/www.integra-sitek.ch\\\/fr\\\/datenschutz\\\/\"]}]},{\"@type\":\"BreadcrumbList\",\"@id\":\"https:\\\/\\\/www.integra-sitek.ch\\\/fr\\\/datenschutz\\\/#breadcrumb\",\"itemListElement\":[{\"@type\":\"ListItem\",\"position\":1,\"name\":\"Start\",\"item\":\"https:\\\/\\\/www.integra-sitek.ch\\\/fr\\\/\"},{\"@type\":\"ListItem\",\"position\":2,\"name\":\"Protection des donn\u00e9es\"}]},{\"@type\":\"WebSite\",\"@id\":\"https:\\\/\\\/www.integra-sitek.ch\\\/fr\\\/#website\",\"url\":\"https:\\\/\\\/www.integra-sitek.ch\\\/fr\\\/\",\"name\":\"INTEGRA Sitek AG\",\"description\":\"Metalldrehteile, Kunststoffspritzgussteile, Baugruppen, Hybridkomponenten, Spritzgiessen, D\u00e9colletage, Montage\",\"publisher\":{\"@id\":\"https:\\\/\\\/www.integra-sitek.ch\\\/fr\\\/#organization\"},\"potentialAction\":[{\"@type\":\"SearchAction\",\"target\":{\"@type\":\"EntryPoint\",\"urlTemplate\":\"https:\\\/\\\/www.integra-sitek.ch\\\/fr\\\/?s={search_term_string}\"},\"query-input\":{\"@type\":\"PropertyValueSpecification\",\"valueRequired\":true,\"valueName\":\"search_term_string\"}}],\"inLanguage\":\"fr-FR\"},{\"@type\":\"Organization\",\"@id\":\"https:\\\/\\\/www.integra-sitek.ch\\\/fr\\\/#organization\",\"name\":\"INTEGRA Sitek AG\",\"url\":\"https:\\\/\\\/www.integra-sitek.ch\\\/fr\\\/\",\"logo\":{\"@type\":\"ImageObject\",\"inLanguage\":\"fr-FR\",\"@id\":\"https:\\\/\\\/www.integra-sitek.ch\\\/fr\\\/#\\\/schema\\\/logo\\\/image\\\/\",\"url\":\"https:\\\/\\\/www.integra-sitek.ch\\\/wp-content\\\/uploads\\\/2023\\\/03\\\/integra-sitek-logo.svg\",\"contentUrl\":\"https:\\\/\\\/www.integra-sitek.ch\\\/wp-content\\\/uploads\\\/2023\\\/03\\\/integra-sitek-logo.svg\",\"width\":154,\"height\":43,\"caption\":\"INTEGRA Sitek AG\"},\"image\":{\"@id\":\"https:\\\/\\\/www.integra-sitek.ch\\\/fr\\\/#\\\/schema\\\/logo\\\/image\\\/\"},\"sameAs\":[\"https:\\\/\\\/ch.linkedin.com\\\/company\\\/integra-sitek-ag\"]}]}<\/script>\n<!-- \/ Yoast SEO Premium plugin. -->","yoast_head_json":{"title":"Protection des donn\u00e9es - INTEGRA Sitek AG","robots":{"index":"index","follow":"follow","max-snippet":"max-snippet:-1","max-image-preview":"max-image-preview:large","max-video-preview":"max-video-preview:-1"},"canonical":"https:\/\/www.integra-sitek.ch\/fr\/datenschutz\/","og_locale":"fr_FR","og_type":"article","og_title":"Protection des donn\u00e9es","og_description":"S\u00e9curit\u00e9 et protection des donn\u00e9es Protection des donn\u00e9es Dans cette d\u00e9claration de protection des donn\u00e9es, nous, INTEGRA Sitek AG, en tant que soci\u00e9t\u00e9 du groupe INTEGRA Holding AG (ci-apr\u00e8s ISAG), expliquons comment nous collectons et traitons les donn\u00e9es personnelles. Il ne...","og_url":"https:\/\/www.integra-sitek.ch\/fr\/datenschutz\/","og_site_name":"INTEGRA Sitek AG","article_modified_time":"2024-06-12T10:43:56+00:00","twitter_card":"summary_large_image","twitter_misc":{"Dur\u00e9e de lecture estim\u00e9e":"21 minutes"},"schema":{"@context":"https:\/\/schema.org","@graph":[{"@type":"WebPage","@id":"https:\/\/www.integra-sitek.ch\/fr\/datenschutz\/","url":"https:\/\/www.integra-sitek.ch\/fr\/datenschutz\/","name":"Protection des donn\u00e9es - INTEGRA Sitek AG","isPartOf":{"@id":"https:\/\/www.integra-sitek.ch\/fr\/#website"},"datePublished":"2023-04-12T09:18:00+00:00","dateModified":"2024-06-12T10:43:56+00:00","breadcrumb":{"@id":"https:\/\/www.integra-sitek.ch\/fr\/datenschutz\/#breadcrumb"},"inLanguage":"fr-FR","potentialAction":[{"@type":"ReadAction","target":["https:\/\/www.integra-sitek.ch\/fr\/datenschutz\/"]}]},{"@type":"BreadcrumbList","@id":"https:\/\/www.integra-sitek.ch\/fr\/datenschutz\/#breadcrumb","itemListElement":[{"@type":"ListItem","position":1,"name":"Start","item":"https:\/\/www.integra-sitek.ch\/fr\/"},{"@type":"ListItem","position":2,"name":"Protection des donn\u00e9es"}]},{"@type":"WebSite","@id":"https:\/\/www.integra-sitek.ch\/fr\/#website","url":"https:\/\/www.integra-sitek.ch\/fr\/","name":"INTEGRA Sitek AG","description":"Metalldrehteile, Kunststoffspritzgussteile, Baugruppen, Hybridkomponenten, Spritzgiessen, D\u00e9colletage, Montage","publisher":{"@id":"https:\/\/www.integra-sitek.ch\/fr\/#organization"},"potentialAction":[{"@type":"SearchAction","target":{"@type":"EntryPoint","urlTemplate":"https:\/\/www.integra-sitek.ch\/fr\/?s={search_term_string}"},"query-input":{"@type":"PropertyValueSpecification","valueRequired":true,"valueName":"search_term_string"}}],"inLanguage":"fr-FR"},{"@type":"Organization","@id":"https:\/\/www.integra-sitek.ch\/fr\/#organization","name":"INTEGRA Sitek AG","url":"https:\/\/www.integra-sitek.ch\/fr\/","logo":{"@type":"ImageObject","inLanguage":"fr-FR","@id":"https:\/\/www.integra-sitek.ch\/fr\/#\/schema\/logo\/image\/","url":"https:\/\/www.integra-sitek.ch\/wp-content\/uploads\/2023\/03\/integra-sitek-logo.svg","contentUrl":"https:\/\/www.integra-sitek.ch\/wp-content\/uploads\/2023\/03\/integra-sitek-logo.svg","width":154,"height":43,"caption":"INTEGRA Sitek AG"},"image":{"@id":"https:\/\/www.integra-sitek.ch\/fr\/#\/schema\/logo\/image\/"},"sameAs":["https:\/\/ch.linkedin.com\/company\/integra-sitek-ag"]}]}},"_links":{"self":[{"href":"https:\/\/www.integra-sitek.ch\/fr\/wp-json\/wp\/v2\/pages\/23501","targetHints":{"allow":["GET"]}}],"collection":[{"href":"https:\/\/www.integra-sitek.ch\/fr\/wp-json\/wp\/v2\/pages"}],"about":[{"href":"https:\/\/www.integra-sitek.ch\/fr\/wp-json\/wp\/v2\/types\/page"}],"author":[{"embeddable":true,"href":"https:\/\/www.integra-sitek.ch\/fr\/wp-json\/wp\/v2\/users\/1"}],"replies":[{"embeddable":true,"href":"https:\/\/www.integra-sitek.ch\/fr\/wp-json\/wp\/v2\/comments?post=23501"}],"version-history":[{"count":183,"href":"https:\/\/www.integra-sitek.ch\/fr\/wp-json\/wp\/v2\/pages\/23501\/revisions"}],"predecessor-version":[{"id":23832,"href":"https:\/\/www.integra-sitek.ch\/fr\/wp-json\/wp\/v2\/pages\/23501\/revisions\/23832"}],"wp:attachment":[{"href":"https:\/\/www.integra-sitek.ch\/fr\/wp-json\/wp\/v2\/media?parent=23501"}],"curies":[{"name":"wp","href":"https:\/\/api.w.org\/{rel}","templated":true}]}}